{"id":554,"date":"2025-02-27T10:16:10","date_gmt":"2025-02-27T10:16:10","guid":{"rendered":"https:\/\/apreslalune.fr\/?page_id=554"},"modified":"2025-03-04T08:05:23","modified_gmt":"2025-03-04T08:05:23","slug":"la-colere-des-enfants-dechus","status":"publish","type":"page","link":"https:\/\/apreslalune.fr\/index.php\/la-colere-des-enfants-dechus\/","title":{"rendered":"La Col\u00e8re des Enfants d\u00e9chus"},"content":{"rendered":"\n<figure class=\"wp-block-image size-full is-resized\"><img loading=\"lazy\" decoding=\"async\" width=\"345\" height=\"570\" src=\"http:\/\/apreslalune.fr\/wp-content\/uploads\/2025\/02\/La-colere-des-enfants-dechus-de-Catherine-Fradier-1.jpg\" alt=\"La Col\u00e8re des Enfants d\u00e9chus\" class=\"wp-image-385\" style=\"width:168px;height:auto\" srcset=\"https:\/\/apreslalune.fr\/wp-content\/uploads\/2025\/02\/La-colere-des-enfants-dechus-de-Catherine-Fradier-1.jpg 345w, https:\/\/apreslalune.fr\/wp-content\/uploads\/2025\/02\/La-colere-des-enfants-dechus-de-Catherine-Fradier-1-182x300.jpg 182w\" sizes=\"auto, (max-width: 345px) 100vw, 345px\" \/><\/figure>\n\n\n\n<p><a href=\"https:\/\/www.lecteurs.com\/livre\/la-colere-des-enfants-dechus\/59908#\" target=\"_blank\" rel=\"noreferrer noopener\"><\/a>Le cimeti\u00e8re \u00e9tait d\u00e9sert.<br>On ne rend pas visite aux morts le soir de no\u00ebl. all\u00e9e h, trav\u00e9e 5. un secteur o\u00fa les tombes \u00e9taient plus petites, o\u00fa les fleurs \u00e9taient blanches. il s&rsquo;arr\u00eata devant l&rsquo;une d&rsquo;elles. dans un cadre de marbre, une vieille photo. un pr\u00e9nom et un nom, romain polakovits. il d\u00e9posa le livre sur la tombe et rajusta son manteau. dix ans, son fr\u00e8re \u00e9tait mort \u00e0 l&rsquo;\u00e2ge de dix ans, d&rsquo;une fl\u00e8che dans la poitrine qui l&rsquo;avait clou\u00e9 contre un arbre.<br>Le ton de sa voix devint rauque. \u00a0\u00bb dors en paix petit fr\u00e8re, ils ont eu leur compte je vais maintenant me reposer et ne penser qu&rsquo;\u00e0 ce jour-l\u00e0. ce jour o\u00fa tu m&rsquo;attendais. ce jour o\u00fa je suis arriv\u00e9 en retard. \u00a0\u00bb a l&rsquo;heure du web et de la mondialisation, les r\u00e9seaux p\u00e9docriminels s&rsquo;organisent en toute impunit\u00e9, ne laissant aucune chance \u00e0 leurs petites victimes. thriller palpitant, d&rsquo;une noirceur absolue, sur un sujet extr\u00eamement sensible, ce sixi\u00e8me roman de Catherine Fradier est aussi le plus abouti.<\/p>\n\n\n\n<ul class=\"wp-block-list\">\n<li>Autrice : Catherine Fradier<\/li>\n\n\n\n<li>Date de parution : 01\/04\/2006<\/li>\n\n\n\n<li>EAN : 9782352270072<\/li>\n\n\n\n<li>Genre <strong>:<\/strong> Polars<\/li>\n\n\n\n<li>Th\u00e8me<strong> :<\/strong> Policier \/ Thriller format poche<\/li>\n\n\n\n<li>Prix litt\u00e9raire(s) : Grand Prix de la Litt\u00e9rature Polici\u00e8re<\/li>\n<\/ul>\n","protected":false},"excerpt":{"rendered":"<p>Le cimeti\u00e8re \u00e9tait d\u00e9sert.On ne rend pas visite aux morts le soir de [&hellip;]<\/p>\n","protected":false},"author":2,"featured_media":0,"parent":0,"menu_order":0,"comment_status":"closed","ping_status":"closed","template":"","meta":{"footnotes":""},"class_list":["post-554","page","type-page","status-publish","hentry"],"_links":{"self":[{"href":"https:\/\/apreslalune.fr\/index.php\/wp-json\/wp\/v2\/pages\/554","targetHints":{"allow":["GET"]}}],"collection":[{"href":"https:\/\/apreslalune.fr\/index.php\/wp-json\/wp\/v2\/pages"}],"about":[{"href":"https:\/\/apreslalune.fr\/index.php\/wp-json\/wp\/v2\/types\/page"}],"author":[{"embeddable":true,"href":"https:\/\/apreslalune.fr\/index.php\/wp-json\/wp\/v2\/users\/2"}],"replies":[{"embeddable":true,"href":"https:\/\/apreslalune.fr\/index.php\/wp-json\/wp\/v2\/comments?post=554"}],"version-history":[{"count":4,"href":"https:\/\/apreslalune.fr\/index.php\/wp-json\/wp\/v2\/pages\/554\/revisions"}],"predecessor-version":[{"id":657,"href":"https:\/\/apreslalune.fr\/index.php\/wp-json\/wp\/v2\/pages\/554\/revisions\/657"}],"wp:attachment":[{"href":"https:\/\/apreslalune.fr\/index.php\/wp-json\/wp\/v2\/media?parent=554"}],"curies":[{"name":"wp","href":"https:\/\/api.w.org\/{rel}","templated":true}]}}